{"id":14,"date":"2024-09-07T21:45:27","date_gmt":"2024-09-07T21:45:27","guid":{"rendered":"http:\/\/jezusowa.pl\/?page_id=14"},"modified":"2026-02-04T13:09:34","modified_gmt":"2026-02-04T13:09:34","slug":"galeria","status":"publish","type":"page","link":"https:\/\/jezusowa.pl\/index.php\/galeria\/","title":{"rendered":"Galeria"},"content":{"rendered":"\n<div class=\"wp-block-cover is-light\"><img loading=\"lazy\" decoding=\"async\" width=\"2560\" height=\"1920\" class=\"wp-block-cover__image-background wp-image-63\" alt=\"\" src=\"https:\/\/jezusowa.pl\/wp-content\/uploads\/2024\/10\/Zdzary-15-22.08.2015-094-scaled.jpg\" data-object-fit=\"cover\" srcset=\"https:\/\/jezusowa.pl\/wp-content\/uploads\/2024\/10\/Zdzary-15-22.08.2015-094-scaled.jpg 2560w, https:\/\/jezusowa.pl\/wp-content\/uploads\/2024\/10\/Zdzary-15-22.08.2015-094-300x225.jpg 300w, https:\/\/jezusowa.pl\/wp-content\/uploads\/2024\/10\/Zdzary-15-22.08.2015-094-1024x768.jpg 1024w, https:\/\/jezusowa.pl\/wp-content\/uploads\/2024\/10\/Zdzary-15-22.08.2015-094-768x576.jpg 768w, https:\/\/jezusowa.pl\/wp-content\/uploads\/2024\/10\/Zdzary-15-22.08.2015-094-1536x1152.jpg 1536w, https:\/\/jezusowa.pl\/wp-content\/uploads\/2024\/10\/Zdzary-15-22.08.2015-094-2048x1536.jpg 2048w, https:\/\/jezusowa.pl\/wp-content\/uploads\/2024\/10\/Zdzary-15-22.08.2015-094-1000x750.jpg 1000w, https:\/\/jezusowa.pl\/wp-content\/uploads\/2024\/10\/Zdzary-15-22.08.2015-094-230x173.jpg 230w, https:\/\/jezusowa.pl\/wp-content\/uploads\/2024\/10\/Zdzary-15-22.08.2015-094-350x263.jpg 350w, https:\/\/jezusowa.pl\/wp-content\/uploads\/2024\/10\/Zdzary-15-22.08.2015-094-480x360.jpg 480w\" sizes=\"auto, (max-width: 2560px) 100vw, 2560px\" \/><span aria-hidden=\"true\" class=\"wp-block-cover__background has-background-dim\" style=\"background-color:#8e8177\"><\/span><div class=\"wp-block-cover__inner-container has-global-padding is-layout-constrained wp-block-cover-is-layout-constrained\">\n<p class=\"has-text-align-center has-large-font-size\">Rekolektanci wracaj\u0105 do zwyczajnych zaj\u0119\u0107.<\/p>\n<\/div><\/div>\n\n\n\n\n\n<figure class=\"wp-block-image\"><img loading=\"lazy\" decoding=\"async\" width=\"1440\" height=\"2560\" src=\"https:\/\/jezusowa.pl\/wp-content\/uploads\/2024\/10\/20160715_123646-scaled.jpg\" alt=\"\" class=\"wp-image-54\" srcset=\"https:\/\/jezusowa.pl\/wp-content\/uploads\/2024\/10\/20160715_123646-scaled.jpg 1440w, https:\/\/jezusowa.pl\/wp-content\/uploads\/2024\/10\/20160715_123646-169x300.jpg 169w, https:\/\/jezusowa.pl\/wp-content\/uploads\/2024\/10\/20160715_123646-576x1024.jpg 576w, https:\/\/jezusowa.pl\/wp-content\/uploads\/2024\/10\/20160715_123646-768x1365.jpg 768w, https:\/\/jezusowa.pl\/wp-content\/uploads\/2024\/10\/20160715_123646-864x1536.jpg 864w, https:\/\/jezusowa.pl\/wp-content\/uploads\/2024\/10\/20160715_123646-1152x2048.jpg 1152w, https:\/\/jezusowa.pl\/wp-content\/uploads\/2024\/10\/20160715_123646-1000x1778.jpg 1000w, https:\/\/jezusowa.pl\/wp-content\/uploads\/2024\/10\/20160715_123646-230x409.jpg 230w, https:\/\/jezusowa.pl\/wp-content\/uploads\/2024\/10\/20160715_123646-350x622.jpg 350w, https:\/\/jezusowa.pl\/wp-content\/uploads\/2024\/10\/20160715_123646-480x853.jpg 480w\" sizes=\"auto, (max-width: 1440px) 100vw, 1440px\" \/><\/figure>\n\n\n\n<p>ks. Prof. J\u00f3zef Naumowicz i O. Alipij Fedun MSU na rekolekcjach w \u017bd\u017carach. Liturgia Grekokatolicka.<\/p>\n\n\n\n<figure class=\"wp-block-image size-large\"><img loading=\"lazy\" decoding=\"async\" width=\"1024\" height=\"768\" src=\"https:\/\/jezusowa.pl\/wp-content\/uploads\/2024\/10\/Ojciec-Maksymilian-1024x768.jpg\" alt=\"\" class=\"wp-image-76\" srcset=\"https:\/\/jezusowa.pl\/wp-content\/uploads\/2024\/10\/Ojciec-Maksymilian-1024x768.jpg 1024w, https:\/\/jezusowa.pl\/wp-content\/uploads\/2024\/10\/Ojciec-Maksymilian-300x225.jpg 300w, https:\/\/jezusowa.pl\/wp-content\/uploads\/2024\/10\/Ojciec-Maksymilian-768x576.jpg 768w, https:\/\/jezusowa.pl\/wp-content\/uploads\/2024\/10\/Ojciec-Maksymilian-1536x1152.jpg 1536w, https:\/\/jezusowa.pl\/wp-content\/uploads\/2024\/10\/Ojciec-Maksymilian-2048x1536.jpg 2048w, https:\/\/jezusowa.pl\/wp-content\/uploads\/2024\/10\/Ojciec-Maksymilian-1000x750.jpg 1000w, https:\/\/jezusowa.pl\/wp-content\/uploads\/2024\/10\/Ojciec-Maksymilian-230x173.jpg 230w, https:\/\/jezusowa.pl\/wp-content\/uploads\/2024\/10\/Ojciec-Maksymilian-350x263.jpg 350w, https:\/\/jezusowa.pl\/wp-content\/uploads\/2024\/10\/Ojciec-Maksymilian-480x360.jpg 480w\" sizes=\"auto, (max-width: 1024px) 100vw, 1024px\" \/><\/figure>\n\n\n\n<p>Od lewej: Tomek, Jacek, Anna, O. Maksymilian, S. Stefania, Paula &#8211; przesz\u0142a do wieczno\u015bci. U g\u00f3ry od lewej: Piotr, Dominika, Basia, Marianna &#8211; przesz\u0142a do wieczno\u015bci, Iwona, Anna  &#8211; chyba. Dawno temu dwie grupy z Rakowieckiej i z Czerniakowskiej w Lubiniu.<\/p>\n\n\n\n<figure class=\"wp-block-image size-large\"><img loading=\"lazy\" decoding=\"async\" width=\"1024\" height=\"683\" src=\"https:\/\/jezusowa.pl\/wp-content\/uploads\/2024\/10\/trzy-grupy-1024x683.jpg\" alt=\"\" class=\"wp-image-79\" srcset=\"https:\/\/jezusowa.pl\/wp-content\/uploads\/2024\/10\/trzy-grupy-1024x683.jpg 1024w, https:\/\/jezusowa.pl\/wp-content\/uploads\/2024\/10\/trzy-grupy-300x200.jpg 300w, https:\/\/jezusowa.pl\/wp-content\/uploads\/2024\/10\/trzy-grupy-768x512.jpg 768w, https:\/\/jezusowa.pl\/wp-content\/uploads\/2024\/10\/trzy-grupy-1536x1024.jpg 1536w, https:\/\/jezusowa.pl\/wp-content\/uploads\/2024\/10\/trzy-grupy-2048x1365.jpg 2048w, https:\/\/jezusowa.pl\/wp-content\/uploads\/2024\/10\/trzy-grupy-1000x667.jpg 1000w, https:\/\/jezusowa.pl\/wp-content\/uploads\/2024\/10\/trzy-grupy-230x153.jpg 230w, https:\/\/jezusowa.pl\/wp-content\/uploads\/2024\/10\/trzy-grupy-350x233.jpg 350w, https:\/\/jezusowa.pl\/wp-content\/uploads\/2024\/10\/trzy-grupy-480x320.jpg 480w\" sizes=\"auto, (max-width: 1024px) 100vw, 1024px\" \/><\/figure>\n\n\n\n<p>Trzy grupy medytacyjne z Warszawy na jubileusz 25-lecia medytacji w Lubiniu u OO. Benedyktyn\u00f3w. Zdj\u0119cie u Wsp\u00f3lnot Jerozolimskich na ul. \u0141azienkowskiej gdzie stacjonuje grupa medytacyjna Ks. Marka Danieleskiego (na zdj\u0119ciu). Na samej g\u00f3rze zdj\u0119cia \u015bp.  Paula Wawer &#8211; kochamy i t\u0119sknimy Paulo- przewodzi\u0142a grupie u OO. Jezut\u00f3w na Rakowieckiej. Trzecia grupa z ul. Czerniakowskiej od Si\u00f3str Nazaretanek.<\/p>\n\n\n\n<figure class=\"wp-block-image size-large\"><img loading=\"lazy\" decoding=\"async\" width=\"1024\" height=\"613\" src=\"https:\/\/jezusowa.pl\/wp-content\/uploads\/2025\/02\/Zdzary-1024x613.jpg\" alt=\"\" class=\"wp-image-125\" srcset=\"https:\/\/jezusowa.pl\/wp-content\/uploads\/2025\/02\/Zdzary-1024x613.jpg 1024w, https:\/\/jezusowa.pl\/wp-content\/uploads\/2025\/02\/Zdzary-300x180.jpg 300w, https:\/\/jezusowa.pl\/wp-content\/uploads\/2025\/02\/Zdzary-768x460.jpg 768w, https:\/\/jezusowa.pl\/wp-content\/uploads\/2025\/02\/Zdzary-1536x920.jpg 1536w, https:\/\/jezusowa.pl\/wp-content\/uploads\/2025\/02\/Zdzary-2048x1226.jpg 2048w, https:\/\/jezusowa.pl\/wp-content\/uploads\/2025\/02\/Zdzary-1000x599.jpg 1000w, https:\/\/jezusowa.pl\/wp-content\/uploads\/2025\/02\/Zdzary-230x138.jpg 230w, https:\/\/jezusowa.pl\/wp-content\/uploads\/2025\/02\/Zdzary-350x210.jpg 350w, https:\/\/jezusowa.pl\/wp-content\/uploads\/2025\/02\/Zdzary-480x287.jpg 480w\" sizes=\"auto, (max-width: 1024px) 100vw, 1024px\" \/><\/figure>\n\n\n\n<p>Pok\u0142ony w \u017bd\u017carach na rekolekcjach.<\/p>\n\n\n\n<figure class=\"wp-block-image size-full\"><img loading=\"lazy\" decoding=\"async\" width=\"600\" height=\"1002\" src=\"https:\/\/jezusowa.pl\/wp-content\/uploads\/2025\/02\/Zdzary-3.jpg\" alt=\"\" class=\"wp-image-127\" srcset=\"https:\/\/jezusowa.pl\/wp-content\/uploads\/2025\/02\/Zdzary-3.jpg 600w, https:\/\/jezusowa.pl\/wp-content\/uploads\/2025\/02\/Zdzary-3-180x300.jpg 180w, https:\/\/jezusowa.pl\/wp-content\/uploads\/2025\/02\/Zdzary-3-230x384.jpg 230w, https:\/\/jezusowa.pl\/wp-content\/uploads\/2025\/02\/Zdzary-3-350x585.jpg 350w, https:\/\/jezusowa.pl\/wp-content\/uploads\/2025\/02\/Zdzary-3-480x802.jpg 480w\" sizes=\"auto, (max-width: 600px) 100vw, 600px\" \/><\/figure>\n\n\n\n<p>\u017bd\u017cary. Rekolekcje, modlitwa w stodole. <\/p>\n\n\n\n\n\n<figure class=\"wp-block-image size-large\"><img loading=\"lazy\" decoding=\"async\" width=\"1024\" height=\"768\" src=\"https:\/\/jezusowa.pl\/wp-content\/uploads\/2025\/02\/Zdzary-15-22.08.2015-079-2-1024x768.jpg\" alt=\"\" class=\"wp-image-130\" srcset=\"https:\/\/jezusowa.pl\/wp-content\/uploads\/2025\/02\/Zdzary-15-22.08.2015-079-2-1024x768.jpg 1024w, https:\/\/jezusowa.pl\/wp-content\/uploads\/2025\/02\/Zdzary-15-22.08.2015-079-2-300x225.jpg 300w, https:\/\/jezusowa.pl\/wp-content\/uploads\/2025\/02\/Zdzary-15-22.08.2015-079-2-768x576.jpg 768w, https:\/\/jezusowa.pl\/wp-content\/uploads\/2025\/02\/Zdzary-15-22.08.2015-079-2-1536x1152.jpg 1536w, https:\/\/jezusowa.pl\/wp-content\/uploads\/2025\/02\/Zdzary-15-22.08.2015-079-2-2048x1536.jpg 2048w, https:\/\/jezusowa.pl\/wp-content\/uploads\/2025\/02\/Zdzary-15-22.08.2015-079-2-1000x750.jpg 1000w, https:\/\/jezusowa.pl\/wp-content\/uploads\/2025\/02\/Zdzary-15-22.08.2015-079-2-230x173.jpg 230w, https:\/\/jezusowa.pl\/wp-content\/uploads\/2025\/02\/Zdzary-15-22.08.2015-079-2-350x263.jpg 350w, https:\/\/jezusowa.pl\/wp-content\/uploads\/2025\/02\/Zdzary-15-22.08.2015-079-2-480x360.jpg 480w\" sizes=\"auto, (max-width: 1024px) 100vw, 1024px\" \/><\/figure>\n\n\n\n<p>Rekolekcje Modlitwa Jezusowa w \u017bd\u017carach.<\/p>\n\n\n\n<figure class=\"wp-block-image size-large\"><img loading=\"lazy\" decoding=\"async\" width=\"576\" height=\"1024\" src=\"https:\/\/jezusowa.pl\/wp-content\/uploads\/2025\/02\/zdary-Jozef-576x1024.jpg\" alt=\"\" class=\"wp-image-133\" srcset=\"https:\/\/jezusowa.pl\/wp-content\/uploads\/2025\/02\/zdary-Jozef-576x1024.jpg 576w, https:\/\/jezusowa.pl\/wp-content\/uploads\/2025\/02\/zdary-Jozef-169x300.jpg 169w, https:\/\/jezusowa.pl\/wp-content\/uploads\/2025\/02\/zdary-Jozef-768x1365.jpg 768w, https:\/\/jezusowa.pl\/wp-content\/uploads\/2025\/02\/zdary-Jozef-864x1536.jpg 864w, https:\/\/jezusowa.pl\/wp-content\/uploads\/2025\/02\/zdary-Jozef-1152x2048.jpg 1152w, https:\/\/jezusowa.pl\/wp-content\/uploads\/2025\/02\/zdary-Jozef-1000x1778.jpg 1000w, https:\/\/jezusowa.pl\/wp-content\/uploads\/2025\/02\/zdary-Jozef-230x409.jpg 230w, https:\/\/jezusowa.pl\/wp-content\/uploads\/2025\/02\/zdary-Jozef-350x622.jpg 350w, https:\/\/jezusowa.pl\/wp-content\/uploads\/2025\/02\/zdary-Jozef-480x853.jpg 480w, https:\/\/jezusowa.pl\/wp-content\/uploads\/2025\/02\/zdary-Jozef-scaled.jpg 1440w\" sizes=\"auto, (max-width: 576px) 100vw, 576px\" \/><\/figure>\n\n\n\n<p>Pocz\u0105tek rekolekcji w \u017barach. Ks. Prof. J\u00f3zef Naumowicz i O. Alipy Fedun OSU.<\/p>\n\n\n\n<figure class=\"wp-block-image size-large\"><img loading=\"lazy\" decoding=\"async\" width=\"1024\" height=\"576\" src=\"https:\/\/jezusowa.pl\/wp-content\/uploads\/2025\/02\/WP_20170507_005-1024x576.jpg\" alt=\"\" class=\"wp-image-136\" srcset=\"https:\/\/jezusowa.pl\/wp-content\/uploads\/2025\/02\/WP_20170507_005-1024x576.jpg 1024w, https:\/\/jezusowa.pl\/wp-content\/uploads\/2025\/02\/WP_20170507_005-300x169.jpg 300w, https:\/\/jezusowa.pl\/wp-content\/uploads\/2025\/02\/WP_20170507_005-768x432.jpg 768w, https:\/\/jezusowa.pl\/wp-content\/uploads\/2025\/02\/WP_20170507_005-1536x864.jpg 1536w, https:\/\/jezusowa.pl\/wp-content\/uploads\/2025\/02\/WP_20170507_005-2048x1152.jpg 2048w, https:\/\/jezusowa.pl\/wp-content\/uploads\/2025\/02\/WP_20170507_005-1000x563.jpg 1000w, https:\/\/jezusowa.pl\/wp-content\/uploads\/2025\/02\/WP_20170507_005-230x129.jpg 230w, https:\/\/jezusowa.pl\/wp-content\/uploads\/2025\/02\/WP_20170507_005-350x197.jpg 350w, https:\/\/jezusowa.pl\/wp-content\/uploads\/2025\/02\/WP_20170507_005-480x270.jpg 480w\" sizes=\"auto, (max-width: 1024px) 100vw, 1024px\" \/><\/figure>\n\n\n\n<p>\u0141awra Uniowska pod Lwowem. Mnisi mieszkaj\u0105 od XI w.<\/p>\n\n\n\n<figure class=\"wp-block-image size-large\"><img loading=\"lazy\" decoding=\"async\" width=\"768\" height=\"1024\" src=\"https:\/\/jezusowa.pl\/wp-content\/uploads\/2025\/02\/lawra-alipij-768x1024.jpg\" alt=\"\" class=\"wp-image-140\" srcset=\"https:\/\/jezusowa.pl\/wp-content\/uploads\/2025\/02\/lawra-alipij-768x1024.jpg 768w, https:\/\/jezusowa.pl\/wp-content\/uploads\/2025\/02\/lawra-alipij-225x300.jpg 225w, https:\/\/jezusowa.pl\/wp-content\/uploads\/2025\/02\/lawra-alipij-1152x1536.jpg 1152w, https:\/\/jezusowa.pl\/wp-content\/uploads\/2025\/02\/lawra-alipij-1536x2048.jpg 1536w, https:\/\/jezusowa.pl\/wp-content\/uploads\/2025\/02\/lawra-alipij-1000x1333.jpg 1000w, https:\/\/jezusowa.pl\/wp-content\/uploads\/2025\/02\/lawra-alipij-230x307.jpg 230w, https:\/\/jezusowa.pl\/wp-content\/uploads\/2025\/02\/lawra-alipij-350x467.jpg 350w, https:\/\/jezusowa.pl\/wp-content\/uploads\/2025\/02\/lawra-alipij-480x640.jpg 480w, https:\/\/jezusowa.pl\/wp-content\/uploads\/2025\/02\/lawra-alipij-scaled.jpg 1920w\" sizes=\"auto, (max-width: 768px) 100vw, 768px\" \/><\/figure>\n\n\n\n<p>Igumen. <\/p>\n\n\n\n<figure class=\"wp-block-image size-large\"><img loading=\"lazy\" decoding=\"async\" width=\"1024\" height=\"576\" src=\"https:\/\/jezusowa.pl\/wp-content\/uploads\/2025\/02\/alipij-lwow-1024x576.jpg\" alt=\"\" class=\"wp-image-143\" srcset=\"https:\/\/jezusowa.pl\/wp-content\/uploads\/2025\/02\/alipij-lwow-1024x576.jpg 1024w, https:\/\/jezusowa.pl\/wp-content\/uploads\/2025\/02\/alipij-lwow-300x169.jpg 300w, https:\/\/jezusowa.pl\/wp-content\/uploads\/2025\/02\/alipij-lwow-768x432.jpg 768w, https:\/\/jezusowa.pl\/wp-content\/uploads\/2025\/02\/alipij-lwow-1536x864.jpg 1536w, https:\/\/jezusowa.pl\/wp-content\/uploads\/2025\/02\/alipij-lwow-2048x1152.jpg 2048w, https:\/\/jezusowa.pl\/wp-content\/uploads\/2025\/02\/alipij-lwow-1000x563.jpg 1000w, https:\/\/jezusowa.pl\/wp-content\/uploads\/2025\/02\/alipij-lwow-230x129.jpg 230w, https:\/\/jezusowa.pl\/wp-content\/uploads\/2025\/02\/alipij-lwow-350x197.jpg 350w, https:\/\/jezusowa.pl\/wp-content\/uploads\/2025\/02\/alipij-lwow-480x270.jpg 480w\" sizes=\"auto, (max-width: 1024px) 100vw, 1024px\" \/><\/figure>\n\n\n\n<p>Ojciec Alipy Fedun i moja skromna osoba.<\/p>\n\n\n\n<figure class=\"wp-block-image size-large\"><img loading=\"lazy\" decoding=\"async\" width=\"1024\" height=\"576\" src=\"https:\/\/jezusowa.pl\/wp-content\/uploads\/2025\/02\/dorota-i-janusz-1024x576.jpg\" alt=\"\" class=\"wp-image-145\" srcset=\"https:\/\/jezusowa.pl\/wp-content\/uploads\/2025\/02\/dorota-i-janusz-1024x576.jpg 1024w, https:\/\/jezusowa.pl\/wp-content\/uploads\/2025\/02\/dorota-i-janusz-300x169.jpg 300w, https:\/\/jezusowa.pl\/wp-content\/uploads\/2025\/02\/dorota-i-janusz-768x432.jpg 768w, https:\/\/jezusowa.pl\/wp-content\/uploads\/2025\/02\/dorota-i-janusz-1536x864.jpg 1536w, https:\/\/jezusowa.pl\/wp-content\/uploads\/2025\/02\/dorota-i-janusz-2048x1152.jpg 2048w, https:\/\/jezusowa.pl\/wp-content\/uploads\/2025\/02\/dorota-i-janusz-1000x563.jpg 1000w, https:\/\/jezusowa.pl\/wp-content\/uploads\/2025\/02\/dorota-i-janusz-230x129.jpg 230w, https:\/\/jezusowa.pl\/wp-content\/uploads\/2025\/02\/dorota-i-janusz-350x197.jpg 350w, https:\/\/jezusowa.pl\/wp-content\/uploads\/2025\/02\/dorota-i-janusz-480x270.jpg 480w\" sizes=\"auto, (max-width: 1024px) 100vw, 1024px\" \/><\/figure>\n\n\n\n<p>Rekolektanci w drodze do Uniowa. Organizatorzy: o. Eugeniusz Kowol OMI, Lilianna Nesterenko, Dorota Kielawa, Janusz Fidelus.<\/p>\n\n\n\n\n\n<figure class=\"wp-block-image size-large\"><img loading=\"lazy\" decoding=\"async\" width=\"1024\" height=\"768\" src=\"https:\/\/jezusowa.pl\/wp-content\/uploads\/2025\/02\/paula-i-ja-w-lubiniu-1024x768.jpg\" alt=\"\" class=\"wp-image-150\" srcset=\"https:\/\/jezusowa.pl\/wp-content\/uploads\/2025\/02\/paula-i-ja-w-lubiniu-1024x768.jpg 1024w, https:\/\/jezusowa.pl\/wp-content\/uploads\/2025\/02\/paula-i-ja-w-lubiniu-300x225.jpg 300w, https:\/\/jezusowa.pl\/wp-content\/uploads\/2025\/02\/paula-i-ja-w-lubiniu-768x576.jpg 768w, https:\/\/jezusowa.pl\/wp-content\/uploads\/2025\/02\/paula-i-ja-w-lubiniu-1536x1152.jpg 1536w, https:\/\/jezusowa.pl\/wp-content\/uploads\/2025\/02\/paula-i-ja-w-lubiniu-1000x750.jpg 1000w, https:\/\/jezusowa.pl\/wp-content\/uploads\/2025\/02\/paula-i-ja-w-lubiniu-230x173.jpg 230w, https:\/\/jezusowa.pl\/wp-content\/uploads\/2025\/02\/paula-i-ja-w-lubiniu-350x263.jpg 350w, https:\/\/jezusowa.pl\/wp-content\/uploads\/2025\/02\/paula-i-ja-w-lubiniu-480x360.jpg 480w, https:\/\/jezusowa.pl\/wp-content\/uploads\/2025\/02\/paula-i-ja-w-lubiniu.jpg 2048w\" sizes=\"auto, (max-width: 1024px) 100vw, 1024px\" \/><\/figure>\n\n\n\n<p>Paula Wawer i s. Stefania Janiak czyli ja. Paula jest liderem lider\u00f3w i wi\u0119zi\u0105 wi\u0119zi. Moj\u0105 przyjaci\u00f3\u0142k\u0105. Cze\u015b\u0107 jej pami\u0119ci!!!<\/p>\n\n\n\n<p><\/p>\n\n\n\n<div class=\"wp-block-cover\"><img loading=\"lazy\" decoding=\"async\" width=\"2048\" height=\"1536\" class=\"wp-block-cover__image-background wp-image-154\" alt=\"\" src=\"https:\/\/jezusowa.pl\/wp-content\/uploads\/2025\/02\/kot-w-lubiniu.jpg\" data-object-fit=\"cover\" srcset=\"https:\/\/jezusowa.pl\/wp-content\/uploads\/2025\/02\/kot-w-lubiniu.jpg 2048w, https:\/\/jezusowa.pl\/wp-content\/uploads\/2025\/02\/kot-w-lubiniu-300x225.jpg 300w, https:\/\/jezusowa.pl\/wp-content\/uploads\/2025\/02\/kot-w-lubiniu-1024x768.jpg 1024w, https:\/\/jezusowa.pl\/wp-content\/uploads\/2025\/02\/kot-w-lubiniu-768x576.jpg 768w, https:\/\/jezusowa.pl\/wp-content\/uploads\/2025\/02\/kot-w-lubiniu-1536x1152.jpg 1536w, https:\/\/jezusowa.pl\/wp-content\/uploads\/2025\/02\/kot-w-lubiniu-1000x750.jpg 1000w, https:\/\/jezusowa.pl\/wp-content\/uploads\/2025\/02\/kot-w-lubiniu-230x173.jpg 230w, https:\/\/jezusowa.pl\/wp-content\/uploads\/2025\/02\/kot-w-lubiniu-350x263.jpg 350w, https:\/\/jezusowa.pl\/wp-content\/uploads\/2025\/02\/kot-w-lubiniu-480x360.jpg 480w\" sizes=\"auto, (max-width: 2048px) 100vw, 2048px\" \/><span aria-hidden=\"true\" class=\"wp-block-cover__background has-background-dim\" style=\"background-color:#667857\"><\/span><div class=\"wp-block-cover__inner-container has-global-padding is-layout-constrained wp-block-cover-is-layout-constrained\">\n<p class=\"has-text-align-center has-large-font-size\">Stefa z kotem w Lubiniu u Benedyktyn\u00f3w.<\/p>\n\n\n\n<figure class=\"wp-block-image size-large\"><img loading=\"lazy\" decoding=\"async\" width=\"1024\" height=\"768\" src=\"https:\/\/jezusowa.pl\/wp-content\/uploads\/2025\/02\/lubin-2-1024x768.jpg\" alt=\"\" class=\"wp-image-159\" srcset=\"https:\/\/jezusowa.pl\/wp-content\/uploads\/2025\/02\/lubin-2-1024x768.jpg 1024w, https:\/\/jezusowa.pl\/wp-content\/uploads\/2025\/02\/lubin-2-300x225.jpg 300w, https:\/\/jezusowa.pl\/wp-content\/uploads\/2025\/02\/lubin-2-768x576.jpg 768w, https:\/\/jezusowa.pl\/wp-content\/uploads\/2025\/02\/lubin-2-1536x1152.jpg 1536w, https:\/\/jezusowa.pl\/wp-content\/uploads\/2025\/02\/lubin-2-1000x750.jpg 1000w, https:\/\/jezusowa.pl\/wp-content\/uploads\/2025\/02\/lubin-2-230x173.jpg 230w, https:\/\/jezusowa.pl\/wp-content\/uploads\/2025\/02\/lubin-2-350x263.jpg 350w, https:\/\/jezusowa.pl\/wp-content\/uploads\/2025\/02\/lubin-2-480x360.jpg 480w, https:\/\/jezusowa.pl\/wp-content\/uploads\/2025\/02\/lubin-2.jpg 2048w\" sizes=\"auto, (max-width: 1024px) 100vw, 1024px\" \/><\/figure>\n<\/div><\/div>\n\n\n\n<div class=\"wp-block-cover\"><img loading=\"lazy\" decoding=\"async\" width=\"1024\" height=\"768\" class=\"wp-block-cover__image-background wp-image-163\" alt=\"\" src=\"https:\/\/jezusowa.pl\/wp-content\/uploads\/2025\/02\/OTWOCK-1024x768.jpg\" data-object-fit=\"cover\" srcset=\"https:\/\/jezusowa.pl\/wp-content\/uploads\/2025\/02\/OTWOCK-1024x768.jpg 1024w, https:\/\/jezusowa.pl\/wp-content\/uploads\/2025\/02\/OTWOCK-300x225.jpg 300w, https:\/\/jezusowa.pl\/wp-content\/uploads\/2025\/02\/OTWOCK-768x576.jpg 768w, https:\/\/jezusowa.pl\/wp-content\/uploads\/2025\/02\/OTWOCK-1536x1152.jpg 1536w, https:\/\/jezusowa.pl\/wp-content\/uploads\/2025\/02\/OTWOCK-2048x1536.jpg 2048w, https:\/\/jezusowa.pl\/wp-content\/uploads\/2025\/02\/OTWOCK-1000x750.jpg 1000w, https:\/\/jezusowa.pl\/wp-content\/uploads\/2025\/02\/OTWOCK-230x173.jpg 230w, https:\/\/jezusowa.pl\/wp-content\/uploads\/2025\/02\/OTWOCK-350x263.jpg 350w, https:\/\/jezusowa.pl\/wp-content\/uploads\/2025\/02\/OTWOCK-480x360.jpg 480w\" sizes=\"auto, (max-width: 1024px) 100vw, 1024px\" \/><span aria-hidden=\"true\" class=\"wp-block-cover__background has-background-dim\"><\/span><div class=\"wp-block-cover__inner-container is-layout-flow wp-block-cover-is-layout-flow\">\n<p class=\"has-text-align-center has-large-font-size\"><\/p>\n\n\n\n<figure class=\"wp-block-image size-large\"><img loading=\"lazy\" decoding=\"async\" width=\"768\" height=\"1024\" src=\"https:\/\/jezusowa.pl\/wp-content\/uploads\/2025\/02\/MAX3-768x1024.jpg\" alt=\"\" class=\"wp-image-165\" srcset=\"https:\/\/jezusowa.pl\/wp-content\/uploads\/2025\/02\/MAX3-768x1024.jpg 768w, https:\/\/jezusowa.pl\/wp-content\/uploads\/2025\/02\/MAX3-225x300.jpg 225w, https:\/\/jezusowa.pl\/wp-content\/uploads\/2025\/02\/MAX3-1152x1536.jpg 1152w, https:\/\/jezusowa.pl\/wp-content\/uploads\/2025\/02\/MAX3-1536x2048.jpg 1536w, https:\/\/jezusowa.pl\/wp-content\/uploads\/2025\/02\/MAX3-1000x1333.jpg 1000w, https:\/\/jezusowa.pl\/wp-content\/uploads\/2025\/02\/MAX3-230x307.jpg 230w, https:\/\/jezusowa.pl\/wp-content\/uploads\/2025\/02\/MAX3-350x467.jpg 350w, https:\/\/jezusowa.pl\/wp-content\/uploads\/2025\/02\/MAX3-480x640.jpg 480w, https:\/\/jezusowa.pl\/wp-content\/uploads\/2025\/02\/MAX3-scaled.jpg 1920w\" sizes=\"auto, (max-width: 768px) 100vw, 768px\" \/><\/figure>\n<\/div><\/div>\n\n\n\n<p>O. Maksymilian Nawar\u0105 podpisuje ksi\u0105\u017ck\u0119, Darek Hybel siedzi obok, ksi\u0105dz Marek Danielewskim stoi i si\u0119 u\u015bmiecha i ja \u0142\u0105cz\u0119 \ud83d\ude42 u OO. Dominikan\u00f3w na S\u0142u\u017cewie w 2014.<\/p>\n\n\n\n<div class=\"wp-block-media-text is-stacked-on-mobile\"><figure class=\"wp-block-media-text__media\"><img loading=\"lazy\" decoding=\"async\" width=\"1024\" height=\"768\" src=\"https:\/\/jezusowa.pl\/wp-content\/uploads\/2026\/01\/Starowiejski-1024x768.jpg\" alt=\"\" class=\"wp-image-221 size-full\" srcset=\"https:\/\/jezusowa.pl\/wp-content\/uploads\/2026\/01\/Starowiejski-1024x768.jpg 1024w, https:\/\/jezusowa.pl\/wp-content\/uploads\/2026\/01\/Starowiejski-300x225.jpg 300w, https:\/\/jezusowa.pl\/wp-content\/uploads\/2026\/01\/Starowiejski-768x576.jpg 768w, https:\/\/jezusowa.pl\/wp-content\/uploads\/2026\/01\/Starowiejski-1536x1152.jpg 1536w, https:\/\/jezusowa.pl\/wp-content\/uploads\/2026\/01\/Starowiejski-2048x1536.jpg 2048w, https:\/\/jezusowa.pl\/wp-content\/uploads\/2026\/01\/Starowiejski-1000x750.jpg 1000w, https:\/\/jezusowa.pl\/wp-content\/uploads\/2026\/01\/Starowiejski-230x173.jpg 230w, https:\/\/jezusowa.pl\/wp-content\/uploads\/2026\/01\/Starowiejski-350x263.jpg 350w, https:\/\/jezusowa.pl\/wp-content\/uploads\/2026\/01\/Starowiejski-480x360.jpg 480w\" sizes=\"auto, (max-width: 1024px) 100vw, 1024px\" \/><\/figure><div class=\"wp-block-media-text__content\">\n<p>Targi Ksi\u0105\u017cki z Ks. Prof. Markiem Starowiejskim.<\/p>\n<\/div><\/div>\n\n\n\n<p><\/p>\n\n\n\n<div class=\"wp-block-media-text is-stacked-on-mobile\"><figure class=\"wp-block-media-text__media\"><\/figure><div class=\"wp-block-media-text__content\">\n<p><\/p>\n<\/div><\/div>\n\n\n\n<div class=\"wp-block-media-text is-stacked-on-mobile\"><figure class=\"wp-block-media-text__media\"><\/figure><div class=\"wp-block-media-text__content\">\n<p><\/p>\n<\/div><\/div>\n\n\n\n<div class=\"wp-block-media-text is-stacked-on-mobile\"><figure class=\"wp-block-media-text__media\"><\/figure><div class=\"wp-block-media-text__content\">\n<p><\/p>\n<\/div><\/div>\n\n\n\n<div class=\"wp-block-media-text is-stacked-on-mobile\"><figure class=\"wp-block-media-text__media\"><\/figure><div class=\"wp-block-media-text__content\">\n<p><\/p>\n<\/div><\/div>\n\n\n\n<div class=\"wp-block-media-text is-stacked-on-mobile\"><figure class=\"wp-block-media-text__media\"><\/figure><div class=\"wp-block-media-text__content\">\n<p><\/p>\n<\/div><\/div>\n\n\n\n<div class=\"wp-block-media-text is-stacked-on-mobile\"><figure class=\"wp-block-media-text__media\"><\/figure><div class=\"wp-block-media-text__content\">\n<p><\/p>\n<\/div><\/div>\n\n\n\n<div class=\"wp-block-media-text is-stacked-on-mobile\"><figure class=\"wp-block-media-text__media\"><img loading=\"lazy\" decoding=\"async\" width=\"576\" height=\"1024\" src=\"https:\/\/jezusowa.pl\/wp-content\/uploads\/2026\/02\/1000039588-576x1024.jpg\" alt=\"\" class=\"wp-image-233 size-full\" srcset=\"https:\/\/jezusowa.pl\/wp-content\/uploads\/2026\/02\/1000039588-576x1024.jpg 576w, https:\/\/jezusowa.pl\/wp-content\/uploads\/2026\/02\/1000039588-169x300.jpg 169w, https:\/\/jezusowa.pl\/wp-content\/uploads\/2026\/02\/1000039588-768x1365.jpg 768w, https:\/\/jezusowa.pl\/wp-content\/uploads\/2026\/02\/1000039588-864x1536.jpg 864w, https:\/\/jezusowa.pl\/wp-content\/uploads\/2026\/02\/1000039588-1153x2048.jpg 1153w, https:\/\/jezusowa.pl\/wp-content\/uploads\/2026\/02\/1000039588-1000x1777.jpg 1000w, https:\/\/jezusowa.pl\/wp-content\/uploads\/2026\/02\/1000039588-230x409.jpg 230w, https:\/\/jezusowa.pl\/wp-content\/uploads\/2026\/02\/1000039588-350x622.jpg 350w, https:\/\/jezusowa.pl\/wp-content\/uploads\/2026\/02\/1000039588-480x853.jpg 480w, https:\/\/jezusowa.pl\/wp-content\/uploads\/2026\/02\/1000039588-scaled.jpg 1441w\" sizes=\"auto, (max-width: 576px) 100vw, 576px\" \/><\/figure><div class=\"wp-block-media-text__content\">\n<p>Uczelnia Carmelitanum. O. Prof. Leon Nie\u015bcior OMI m\u00f3wi\u0142 o Modlitwie my\u015blnej u Ojc\u00f3w Ko\u015bcio\u0142a Zachodniego. Tymczasem ja m\u00f3wi\u0142am o Modlitwie my\u015blnej u Ojc\u00f3w Ko\u015bcio\u0142a Wschodniego. Raczej o bezmy\u015blnej \ud83d\ude42 Mo\u017cna moj\u0105 przemow\u0119 znale\u017a\u0107 w aktualno\u015bciach.<\/p>\n\n\n\n<p>By\u0142o to w listopadzie 2026 roku.<\/p>\n<\/div><\/div>\n\n\n\n<div class=\"wp-block-media-text is-stacked-on-mobile\"><figure class=\"wp-block-media-text__media\"><\/figure><div class=\"wp-block-media-text__content\">\n<p><\/p>\n<\/div><\/div>\n","protected":false},"excerpt":{"rendered":"<p>ks. Prof. J\u00f3zef Naumowicz i O. Alipij Fedun MSU na rekolekcjach w \u017bd\u017carach. Liturgia Grekokatolicka. Od lewej: Tomek, Jacek, Anna, O. Maksymilian, [&hellip;]<\/p>\n","protected":false},"author":1,"featured_media":0,"parent":0,"menu_order":2,"comment_status":"closed","ping_status":"closed","template":"","meta":{"footnotes":""},"class_list":["post-14","page","type-page","status-publish","hentry"],"_links":{"self":[{"href":"https:\/\/jezusowa.pl\/index.php\/wp-json\/wp\/v2\/pages\/14","targetHints":{"allow":["GET"]}}],"collection":[{"href":"https:\/\/jezusowa.pl\/index.php\/wp-json\/wp\/v2\/pages"}],"about":[{"href":"https:\/\/jezusowa.pl\/index.php\/wp-json\/wp\/v2\/types\/page"}],"author":[{"embeddable":true,"href":"https:\/\/jezusowa.pl\/index.php\/wp-json\/wp\/v2\/users\/1"}],"replies":[{"embeddable":true,"href":"https:\/\/jezusowa.pl\/index.php\/wp-json\/wp\/v2\/comments?post=14"}],"version-history":[{"count":27,"href":"https:\/\/jezusowa.pl\/index.php\/wp-json\/wp\/v2\/pages\/14\/revisions"}],"predecessor-version":[{"id":235,"href":"https:\/\/jezusowa.pl\/index.php\/wp-json\/wp\/v2\/pages\/14\/revisions\/235"}],"wp:attachment":[{"href":"https:\/\/jezusowa.pl\/index.php\/wp-json\/wp\/v2\/media?parent=14"}],"curies":[{"name":"wp","href":"https:\/\/api.w.org\/{rel}","templated":true}]}}