{"id":16,"date":"2024-09-07T21:45:40","date_gmt":"2024-09-07T21:45:40","guid":{"rendered":"http:\/\/jezusowa.pl\/?page_id=16"},"modified":"2026-08-21T14:33:45","modified_gmt":"2026-08-21T14:33:45","slug":"cytaty","status":"publish","type":"page","link":"https:\/\/jezusowa.pl\/index.php\/cytaty\/","title":{"rendered":"Literatura"},"content":{"rendered":"\n<p class=\"wp-block-paragraph\">1.&nbsp;<strong>Filokalia \u2013 wyd. Tyniec 2021<\/strong><\/p>\n\n\n\n<p class=\"wp-block-paragraph\">2. Filokalia \u2013 wyd. Tyniec, wyd. M, 2002. Przek\u0142ad Ks. Prof. J\u00f3zef Naumowicz<\/p>\n\n\n\n<p class=\"wp-block-paragraph\">3. Nowa Filokalia- Ks. Prof. J\u00f3zef Naumowicz, wyd. Esprit<\/p>\n\n\n\n<p class=\"wp-block-paragraph\">4. Rekolekcje Kontemplatywne \u2013 Franz Jalics SJ, wyd. WAM, Krak\u00f3w 2008 lub ta sama ksi\u0105\u017cka pod innym tytu\u0142em pt. Kontemplacja. Wprowadzenie do modlitwy uwa\u017cno\u015bci \u2013 Franz Jalics SJ. Nie znam lepszego opracowania na temat modlitwy i jej wp\u0142ywu na \u017cycie ludzkie.<br>Jacek Bolewski SJ <\/p>\n\n\n\n<p class=\"wp-block-paragraph\">5. Hezychastyczna metoda uzdrawiania cz\u0142owieka \u2013 Krzysztof Le\u015bniewski wyd KUL, Lublin 2006<\/p>\n\n\n\n<p class=\"wp-block-paragraph\">6. Hezychazm. Zapomniana tradycja modlitewna \u2013 Jean Ives Lelup, wyd. Znak, Krak\u00f3w 1996<\/p>\n\n\n\n<p class=\"wp-block-paragraph\">7. S\u0142uchaj medytacja jest \u2013 Dariusz Hybel, Maksymilian Nawara OSB, Lubi\u0144 2016<\/p>\n\n\n\n<p class=\"wp-block-paragraph\">8. Droga mi\u0142uj\u0105cej obecno\u015bci \u2013 Dariusz Hybel, Maksymilian Nawara OSB, Lubi\u0144 2019<\/p>\n\n\n\n<p class=\"wp-block-paragraph\">9. Oddycha\u0107 imieniem \u2013 O. Maksymilian Nawara OSB, wyd. W drodze, Pozna\u0144 2017<\/p>\n\n\n\n<p class=\"wp-block-paragraph\">10. Modlitwa \u017bycia. Dla tych kt\u00f3rzy chc\u0105 by\u0107 w drodze w codzienno\u015bci \u2013 Dariusz Hybel<\/p>\n\n\n\n<p class=\"wp-block-paragraph\">11. Modlitwa Jezusowa. Brunon Koniecko OSB, Tyniec 2019<\/p>\n\n\n\n<p class=\"wp-block-paragraph\">12. Medytowa\u0107 to \u2013 Brunon Koniecko OSB, Tyniec 2017<\/p>\n\n\n\n<p class=\"wp-block-paragraph\">13. E-book \u2013 \u201eGdzie s\u0105 dwaj albo trzej zebrani w imi\u0119 Moje\u2026\u201d (Mt 18,20) Jak za\u0142o\u017cy\u0107 grup\u0119 Modlitwy Jezusowej? \u2013 Bruno Koniecko OSB<\/p>\n\n\n\n<p class=\"wp-block-paragraph\">14. Droga Filokalii \u2013 Bruno Koniecko OSB<\/p>\n\n\n\n<p class=\"wp-block-paragraph\">15. Opowie\u015bci Pielgrzyma \u2013 Arsenij Trojepolski ju\u017c nie posta\u0107 anonimowa jak w wielu ksi\u0105\u017ckach.wyd. M, Krak\u00f3w 2019<\/p>\n\n\n\n<p class=\"wp-block-paragraph\">16. Modlitwa Jezusowa \u2013 Mnich Ko\u015bcio\u0142a Wschodniego, wyd. Tyniec, Krak\u00f3w 2015<\/p>\n\n\n\n<p class=\"wp-block-paragraph\">17. Medytacja zen dla chrze\u015bcijan Zen \u2013 Enomiya- Lasalle Hugo M,  wyd. WAM, Krak\u00f3w 2008<\/p>\n\n\n\n<p class=\"wp-block-paragraph\">18. Pa\u0142acem Chrystusa jest serce. Szkice o modlitwie Jezusowej \u2013 Antoine Guillaumont&nbsp;wyd. Tyniec, Krak\u00f3w 2017<\/p>\n\n\n\n<p class=\"wp-block-paragraph\">19. Mistyka chrze\u015bcija\u0144skiego Wschodu i Zachodu &#8211; O. Prof. Pawe\u0142 Placyd Og\u00f3rek OCD,  wyd. UKSW, Warszawa 2002<\/p>\n\n\n\n<p class=\"wp-block-paragraph\">20. Ob\u0142ok Niewiedzy \u2013 Anonim, wyd. W drodze, Pozna\u0144 2001<\/p>\n\n\n\n<p class=\"wp-block-paragraph\">21. M\u00f3dlcie si\u0119 nieustannie \u2013 Wst\u0119p, wyb\u00f3r i opracowanie antologii O. Prof. Leon Nie\u015bcior OMI, wyd M, Krak\u00f3w 2023<\/p>\n\n\n\n<p class=\"wp-block-paragraph\">22. Medytuj\u0119 wi\u0119c jestem \u2013 Ks. Walerian S\u0142omka, \u0141\u00f3d\u017a 1992<\/p>\n\n\n\n<p class=\"wp-block-paragraph\">23. Medytacja chrze\u015bcija\u0144ska \u2013 Bp Andrzej Siemieniewski, wyd. W drodze, Pozna\u0144 2024<\/p>\n\n\n\n<p class=\"wp-block-paragraph\">24. Drabina Raju \u2013 \u015awi\u0119ty Jan Klimak, wyd. Marek Derewiecki, K\u0119ty 2011<\/p>\n\n\n\n<p class=\"wp-block-paragraph\">25. Modlitwa Jezusowa &#8211; O. Szymon Hi\u017cycki OSB, wyd. Tyniec, Krak\u00f3w 2016<\/p>\n\n\n\n<p class=\"wp-block-paragraph\">26. Modlitwa Jezusowa &#8211; Olivier Clemens<\/p>\n\n\n\n<p class=\"wp-block-paragraph\"><\/p>\n\n\n\n<p class=\"wp-block-paragraph\"><\/p>\n\n\n\n<p class=\"wp-block-paragraph\">&#8222;B\u00f3g musi wchodzi\u0107 w nas rzeczywi\u015bcie i  w spos\u00f3b egzystencjalny, bez pomocy wyobra\u017ani. Widzenie \u015awiat\u0142o\u015bci, czyli ostatecznego celu, nie jest symbolem ani tworem wyobra\u017ani, jest rzeczywisto\u015bci\u0105, tak jak ten ogie\u0144, kt\u00f3ry Moj\u017cesz ogl\u0105da\u0142 na Synaju, i ta promieniuj\u0105ca biel, jaka ukaza\u0142a si\u0119 na aposto\u0142om na g\u00f3rze Tabor&#8221;. Steven Runciman <\/p>\n\n\n\n<p class=\"wp-block-paragraph\"><\/p>\n","protected":false},"excerpt":{"rendered":"<p>1.&nbsp;Filokalia \u2013 wyd. Tyniec 2021 2. Filokalia \u2013 wyd. Tyniec, wyd. M, 2002. Przek\u0142ad Ks. Prof. J\u00f3zef Naumowicz 3. Nowa Filokalia- Ks. [&hellip;]<\/p>\n","protected":false},"author":1,"featured_media":0,"parent":0,"menu_order":3,"comment_status":"closed","ping_status":"closed","template":"","meta":{"footnotes":""},"class_list":["post-16","page","type-page","status-publish","hentry"],"_links":{"self":[{"href":"https:\/\/jezusowa.pl\/index.php\/wp-json\/wp\/v2\/pages\/16","targetHints":{"allow":["GET"]}}],"collection":[{"href":"https:\/\/jezusowa.pl\/index.php\/wp-json\/wp\/v2\/pages"}],"about":[{"href":"https:\/\/jezusowa.pl\/index.php\/wp-json\/wp\/v2\/types\/page"}],"author":[{"embeddable":true,"href":"https:\/\/jezusowa.pl\/index.php\/wp-json\/wp\/v2\/users\/1"}],"replies":[{"embeddable":true,"href":"https:\/\/jezusowa.pl\/index.php\/wp-json\/wp\/v2\/comments?post=16"}],"version-history":[{"count":23,"href":"https:\/\/jezusowa.pl\/index.php\/wp-json\/wp\/v2\/pages\/16\/revisions"}],"predecessor-version":[{"id":357,"href":"https:\/\/jezusowa.pl\/index.php\/wp-json\/wp\/v2\/pages\/16\/revisions\/357"}],"wp:attachment":[{"href":"https:\/\/jezusowa.pl\/index.php\/wp-json\/wp\/v2\/media?parent=16"}],"curies":[{"name":"wp","href":"https:\/\/api.w.org\/{rel}","templated":true}]}}